{"id":43,"date":"2022-01-28T11:07:47","date_gmt":"2022-01-28T10:07:47","guid":{"rendered":"https:\/\/www.lesmotsdecapucine.fr\/?page_id=43"},"modified":"2026-04-29T16:32:44","modified_gmt":"2026-04-29T14:32:44","slug":"astrologie-2","status":"publish","type":"page","link":"https:\/\/www.lesmotsdecapucine.fr\/index.php\/astrologie-2\/","title":{"rendered":"Astrologie"},"content":{"rendered":"<blockquote><\/blockquote>\r\n<p><img loading=\"lazy\" decoding=\"async\" class=\" wp-image-1056 aligncenter\" src=\"https:\/\/www.lesmotsdecapucine.fr\/wp-content\/uploads\/2026\/04\/telecharger-300x209.jpg\" alt=\"\" width=\"444\" height=\"320\" \/><\/p>\r\n<p>&nbsp;<\/p>\r\n<h2><strong>Th\u00e8me natal Capucine<\/strong>\u00a0<\/h2>\r\n<h4><strong>Comprendre l&rsquo;\u00c9tude de votre Th\u00e8me Natal<\/strong><\/h4>\r\n<p><strong>L\u2019\u00e9tude de votre th\u00e8me natal commence par l\u2019\u00e9laboration de votre carte du Ciel\u00a0: c\u2019est la photographie du ciel \u00e0 la date de votre naissance, au lieu o\u00f9 vous \u00eates n\u00e9(e) et \u00e0 l\u2019heure pr\u00e9cise (avec le placement des plan\u00e8tes, des signes, des Maisons et autres \u00e9l\u00e9ments).<\/strong><\/p>\r\n<p><strong>Je vous propose gr\u00e2ce au th\u00e8me natal Capucine, une \u00e9tude approfondie.<\/strong><\/p>\r\n<h5><strong>Pourquoi faire faire l\u2019\u00e9tude de votre th\u00e8me natal\u00a0?<\/strong><\/h5>\r\n<ul>\r\n<li><strong>Comprendre vos m\u00e9canismes relationnels (besoins affectifs, peurs de l\u2019engagement, modes de communication) afin de ne plus r\u00e9p\u00e9ter certains sch\u00e9mas d\u2019\u00e9chec. Parvenir \u00e0 une vie relationnelle plus sereine et plus consciente.<\/strong><\/li>\r\n<li><strong>Trouver et mettre un sens dans votre vie.<\/strong><\/li>\r\n<li><strong>Cesser de culpabiliser sur vos pr\u00e9tendus \u00ab\u00a0d\u00e9fauts\u00a0\u00bb, comprendre que ce sont des traits de caract\u00e8res qui demandent seulement \u00e0 \u00eatre canalis\u00e9s.<\/strong><\/li>\r\n<li><strong>C\u2019est passer de la lutte contre soi-m\u00eame \u00e0 une collaboration avec votre nature profonde.<\/strong><\/li>\r\n<\/ul>\r\n<h5><strong>L\u2019intention\u00a0:<\/strong><\/h5>\r\n<ul>\r\n<li><strong>Valoriser les aspects harmonieux\u00a0: vous parler de vos talents inn\u00e9s et vos facilit\u00e9s.<\/strong><\/li>\r\n<li><strong>Transcender les blessures\u00a0: dans la lecture du th\u00e8me, j\u2019identifie certaines blessures, il vous est toujours propos\u00e9 de les transformer.<\/strong><\/li>\r\n<li><strong>L\u2019\u00e9tude du th\u00e8me me permet de mettre des mots sur des douleurs diffuses. Si nous les consid\u00e9rons comme des \u00ab\u00a0points de passage\u00a0\u00bb, vous pouvez d\u00e9velopper une forme de r\u00e9silience, vous devenez acteur de votre existence.<\/strong><\/li>\r\n<li><strong>Aligner votre personnalit\u00e9 avec votre Chemin de Vie.<\/strong><\/li>\r\n<li><strong>Je vous parle de votre chemin de vie avec des d\u00e9fis \u00e0 surmonter, et des acquis confortables qu\u2019il vous est propos\u00e9 de d\u00e9laisser quelque peu.<\/strong><\/li>\r\n<\/ul>\r\n<h5><strong>Comment\u00a0?<\/strong><\/h5>\r\n<p><strong>Nous \u00e9changeons au pr\u00e9alable sur votre probl\u00e9matique (vie professionnelle, personnelle, familiale&#8230;) afin que je puisse me mettre au travail dans la direction dont vous avez besoin.<\/strong><br \/><br \/><strong>La s\u00e9ance se termine par un examen des \u00e9nergies du moment en action pour vous-m\u00eame.<\/strong><\/p>\r\n<h5><strong>Quelques mots sur ma m\u00e9thode de travail\u00a0:<\/strong><\/h5>\r\n<ul>\r\n<li><strong>Je commence par le plus \u00e9vident, ce qui se voit le plus donc le plus g\u00e9n\u00e9ral pour aller progressivement au plus particulier vous concernant.<\/strong><\/li>\r\n<li><strong>La forme de votre th\u00e8me, votre signe natal, votre Ascendant. Les signes importants, les Maisons valoris\u00e9es.<\/strong><\/li>\r\n<li><strong>J\u2019\u00e9tudie Chiron, les Portes (Invisibles et Visibles), les N\u0153uds lunaires, la Lune Noire.<\/strong><\/li>\r\n<li><strong>Le Soleil repr\u00e9sente votre identit\u00e9 profonde, votre rayonnement et votre vitalit\u00e9. Votre Ascendant montre comment vous entrez en relation avec les autres, comment vous vous pr\u00e9sentez face au Monde.<\/strong><\/li>\r\n<li><strong>Les plan\u00e8tes pr\u00e9pond\u00e9rantes, tout a son importance, tout entre en relation dans le th\u00e8me.<\/strong><\/li>\r\n<\/ul>\r\n<p><strong>Faire faire votre th\u00e8me natal, c\u2019est vous donner les moyens de cr\u00e9er votre avenir. C\u2019est arr\u00eater de vivre en mode automatique, pour reprendre votre Chemin avec une compr\u00e9hension profonde de vos forces et des tr\u00e9sors cach\u00e9s derri\u00e8re vos blessures.<\/strong><\/p>\r\n<h5><strong>Il est important de pr\u00e9ciser que :<\/strong><\/h5>\r\n<ul>\r\n<li><strong>Ce n&rsquo;est pas de la voyance : Le th\u00e8me montre des potentiels, pas des \u00e9v\u00e9nements in\u00e9luctables. Vous gardez votre libre arbitre.<\/strong><\/li>\r\n<li><strong>Ce n&rsquo;est pas un jugement : Il n&rsquo;y a pas de \u00ab\u00a0bon\u00a0\u00bb ou de \u00ab\u00a0mauvais\u00a0\u00bb th\u00e8me. Chaque configuration a ses lumi\u00e8res et ses zones d&rsquo;ombre.<\/strong><\/li>\r\n<\/ul>\r\n<h5><strong>Comment se pr\u00e9parer \u00e0 la s\u00e9ance ?<\/strong><\/h5>\r\n<p><strong>Pour une \u00e9tude pr\u00e9cise, munissez-vous de vos informations exactes :<\/strong><\/p>\r\n<ul>\r\n<li><strong>Date de naissance<\/strong><\/li>\r\n<li><strong>Heure pr\u00e9cise de naissance (v\u00e9rifiable sur votre acte de naissance ou carnet de sant\u00e9)<\/strong><\/li>\r\n<li><strong>Lieu de naissance<\/strong><\/li>\r\n<\/ul>\r\n<p><strong><em>Pendant la consultation, restez ouvert et n&rsquo;h\u00e9sitez pas \u00e0 poser des questions. C&rsquo;est un \u00e9change interactif dont le but est votre \u00e9volution personnelle.<\/em><\/strong><\/p>\r\n<p><strong>Je serai heureuse de vous accompagner pour ce moment personnel.<\/strong><\/p>\r\n<p>&nbsp;<\/p>\r\n\r\n\r\n\r\n<p class=\"has-drop-cap has-black-color has-pale-cyan-blue-background-color has-text-color has-background has-medium-font-size\">\u00a0<\/p>\r\n","protected":false},"excerpt":{"rendered":"<p>&nbsp; Th\u00e8me natal Capucine\u00a0 Comprendre l&rsquo;\u00c9tude de votre Th\u00e8me Natal L\u2019\u00e9tude de votre th\u00e8me natal commence par l\u2019\u00e9laboration de votre carte du Ciel\u00a0: c\u2019est la photographie du ciel \u00e0 la date de votre naissance, au lieu o\u00f9 vous \u00eates n\u00e9(e) et \u00e0 l\u2019heure pr\u00e9cise (avec le placement des plan\u00e8tes, des signes, des Maisons et autres&hellip; <br \/> <a class=\"button small blue\" href=\"https:\/\/www.lesmotsdecapucine.fr\/index.php\/astrologie-2\/\">Lire la suite<\/a><\/p>\n","protected":false},"author":1,"featured_media":0,"parent":0,"menu_order":0,"comment_status":"closed","ping_status":"closed","template":"","meta":{"_uag_custom_page_level_css":"","footnotes":""},"class_list":["post-43","page","type-page","status-publish","hentry"],"uagb_featured_image_src":{"full":false,"thumbnail":false,"medium":false,"medium_large":false,"large":false,"1536x1536":false,"2048x2048":false,"post-thumbnail":false,"one-page-express-full-hd":false},"uagb_author_info":{"display_name":"Les Mots de Capucine","author_link":"https:\/\/www.lesmotsdecapucine.fr\/index.php\/author\/admin92350\/"},"uagb_comment_info":0,"uagb_excerpt":"&nbsp; Th\u00e8me natal Capucine\u00a0 Comprendre l&rsquo;\u00c9tude de votre Th\u00e8me Natal L\u2019\u00e9tude de votre th\u00e8me natal commence par l\u2019\u00e9laboration de votre carte du Ciel\u00a0: c\u2019est la photographie du ciel \u00e0 la date de votre naissance, au lieu o\u00f9 vous \u00eates n\u00e9(e) et \u00e0 l\u2019heure pr\u00e9cise (avec le placement des plan\u00e8tes, des signes, des Maisons et autres&hellip;\u2026","_links":{"self":[{"href":"https:\/\/www.lesmotsdecapucine.fr\/index.php\/wp-json\/wp\/v2\/pages\/43","targetHints":{"allow":["GET"]}}],"collection":[{"href":"https:\/\/www.lesmotsdecapucine.fr\/index.php\/wp-json\/wp\/v2\/pages"}],"about":[{"href":"https:\/\/www.lesmotsdecapucine.fr\/index.php\/wp-json\/wp\/v2\/types\/page"}],"author":[{"embeddable":true,"href":"https:\/\/www.lesmotsdecapucine.fr\/index.php\/wp-json\/wp\/v2\/users\/1"}],"replies":[{"embeddable":true,"href":"https:\/\/www.lesmotsdecapucine.fr\/index.php\/wp-json\/wp\/v2\/comments?post=43"}],"version-history":[{"count":22,"href":"https:\/\/www.lesmotsdecapucine.fr\/index.php\/wp-json\/wp\/v2\/pages\/43\/revisions"}],"predecessor-version":[{"id":1059,"href":"https:\/\/www.lesmotsdecapucine.fr\/index.php\/wp-json\/wp\/v2\/pages\/43\/revisions\/1059"}],"wp:attachment":[{"href":"https:\/\/www.lesmotsdecapucine.fr\/index.php\/wp-json\/wp\/v2\/media?parent=43"}],"curies":[{"name":"wp","href":"https:\/\/api.w.org\/{rel}","templated":true}]}}